{"id":93,"date":"2014-08-02T20:46:41","date_gmt":"2014-08-02T19:46:41","guid":{"rendered":"http:\/\/www.ninkenkai.ch\/?page_id=93"},"modified":"2025-12-18T16:37:54","modified_gmt":"2025-12-18T15:37:54","slug":"enseignement","status":"publish","type":"page","link":"https:\/\/www.ninkenkai.ch\/?page_id=93","title":{"rendered":"Le professeur"},"content":{"rendered":"<h1><a href=\"https:\/\/www.ninkenkai.ch\/wp-content\/uploads\/2014\/08\/Spothelfer.jpg\"><img loading=\"lazy\" decoding=\"async\" class=\"alignleft wp-image-28 size-full\" src=\"https:\/\/www.ninkenkai.ch\/wp-content\/uploads\/2014\/08\/Spothelfer.jpg\" alt=\"Spothelfer\" width=\"190\" height=\"264\" \/><\/a>Jean-Marc Spothelfer<\/h1>\n<p>N\u00e9 en 1959, Jean-Marc Spothelfer d\u00e9bute l\u2019A\u00efkid\u00f4 en 1974 \u00e0 l\u2019A\u00efkika\u00ef de Lausanne, sous la conduite de Jean-Marc Burnier et Daniel Brunner. Il a alors l&rsquo;honneur de rencontrer de grands ma\u00eetres tels que Tamura Nobuyoshi Sense\u00ef, Tada Hiroshi Sense\u00ef, ainsi que Ikeda Masatomi Sense\u00ef et Fujimoto Yoji Sense\u00ef.<\/p>\n<p>A cette \u00e9poque, il fait la connaissance de <strong>Me Malcolm Tiki Shewan<\/strong>,<a href=\"https:\/\/www.ninkenkai.ch\/wp-content\/uploads\/2014\/08\/Tiki_Pascal.jpg\"><img loading=\"lazy\" decoding=\"async\" class=\"alignright wp-image-32 size-medium\" src=\"https:\/\/www.ninkenkai.ch\/wp-content\/uploads\/2014\/08\/Tiki_Pascal-225x300.jpg\" alt=\"Tiki_Pascal\" width=\"225\" height=\"300\" srcset=\"https:\/\/www.ninkenkai.ch\/wp-content\/uploads\/2014\/08\/Tiki_Pascal-225x300.jpg 225w, https:\/\/www.ninkenkai.ch\/wp-content\/uploads\/2014\/08\/Tiki_Pascal.jpg 280w\" sizes=\"auto, (max-width: 225px) 100vw, 225px\" \/><\/a> futur directeur technique de la F\u00e9d\u00e9ration europ\u00e9enne de Ia\u00ef (FEI), qui lui fait d\u00e9couvrir l&rsquo;ia\u00efd\u00f4 Muso Shinden Ryu. Apr\u00e8s quelques ann\u00e9es de pratique solitaire du ia\u00efd\u00f4, il rencontre \u00e0 Gen\u00e8ve <strong>Me Pascal Krieger<\/strong>, qui accepte de le prendre comme \u00e9l\u00e8ve et devient son sense\u00ef.<\/p>\n<p><a href=\"https:\/\/www.ninkenkai.ch\/wp-content\/uploads\/2014\/08\/Spot_iai_02.jpg\"><img loading=\"lazy\" decoding=\"async\" class=\"alignleft wp-image-26 size-thumbnail\" src=\"https:\/\/www.ninkenkai.ch\/wp-content\/uploads\/2014\/08\/Spot_iai_02-150x150.jpg\" alt=\"Spot_iai_02\" width=\"150\" height=\"150\" \/><\/a>Poursuivant aupr\u00e8s de Me Pascal Krieger son \u00e9tude du Kenjutsu et du Ia\u00efd\u00f4, et retrouvant chaque ann\u00e9e Me Shewan lors de stages europ\u00e9ens, Jean-Marc Spothelfer a re\u00e7u en 2013 le Dipl\u00f4me d\u2019enseignant KUDEN. En 2025, il a \u00e9t\u00e9 promu KUDEN SHUGO (\u00e9quivalent 7e Dan).<\/p>\n<p>Il est actuellement pr\u00e9sident de la Commission technique, membre du Comit\u00e9 directeur de la FEI, et Secr\u00e9taire g\u00e9n\u00e9ral de la F\u00e9d\u00e9ration europ\u00e9enne de Ia\u00ef depuis 1995.<a href=\"https:\/\/www.ninkenkai.ch\/wp-content\/uploads\/2014\/08\/Spotken3.jpg\"><img loading=\"lazy\" decoding=\"async\" class=\"alignleft wp-image-30 size-full\" src=\"https:\/\/www.ninkenkai.ch\/wp-content\/uploads\/2014\/08\/Spotken3.jpg\" alt=\"Spotken3\" width=\"280\" height=\"210\" \/><\/a><\/p>\n<p>Outre Muso Shinden Ryu, l&rsquo;\u00e9cole de r\u00e9f\u00e9rence de la FEI, et A\u00efkiken Kenjutsu, Jean-Marc Spothelfer pratique Toyama Ryu Gunt\u014d Jutsu, Take no Uchi Ryu et Tenshisho Jigen Kenjutsu. Il \u00e9tudie en outre Shint\u00f4 Ryu Kenjutsu, ainsi que Ryushin Shoshi Ryu Ia\u00efjutsu, Uchida Ryu Tanjo Jutsu et Tachi Uchi no Kura\u00ef.<\/p>\n<p><a href=\"https:\/\/www.ninkenkai.ch\/wp-content\/uploads\/2014\/08\/Spothelfer_tameshi.jpg\"><img loading=\"lazy\" decoding=\"async\" class=\"alignright wp-image-29 size-full\" src=\"https:\/\/www.ninkenkai.ch\/wp-content\/uploads\/2014\/08\/Spothelfer_tameshi.jpg\" alt=\"Spothelfer_tameshi\" width=\"285\" height=\"216\" \/><\/a>Jean-Marc Spothelfer a propos\u00e9 des cours de sabre japonais au Karat\u00e9 Dojo \u00e0 Lausanne d\u2019octobre 2005 \u00e0 d\u00e9cembre 2011. Cr\u00e9ant le NINKENKA\u00cf en 2012, il poursuit son enseignement dans la Salle de gymnastique du Coll\u00e8ge de Montchoisi \u00e0 Lausanne et lors de divers stages en Suisse et \u00e0 l&rsquo;\u00e9tranger. Il donne \u00e9galement des conf\u00e9rences sur l&rsquo;histoire et la forge des sabres japonais.<\/p>\n","protected":false},"excerpt":{"rendered":"<p>Jean-Marc Spothelfer N\u00e9 en 1959, Jean-Marc Spothelfer d\u00e9bute l\u2019A\u00efkid\u00f4 en 1974 \u00e0 l\u2019A\u00efkika\u00ef de Lausanne, sous la conduite de Jean-Marc Burnier et Daniel Brunner. Il a alors l&rsquo;honneur de rencontrer de grands ma\u00eetres tels que Tamura Nobuyoshi Sense\u00ef, Tada Hiroshi Sense\u00ef, ainsi que Ikeda Masatomi Sense\u00ef et Fujimoto Yoji Sense\u00ef. A cette \u00e9poque, il fait &hellip; <a href=\"https:\/\/www.ninkenkai.ch\/?page_id=93\" class=\"more-link\">Continuer la lecture de <span class=\"screen-reader-text\">Le professeur<\/span>  <span class=\"meta-nav\">&rarr;<\/span><\/a><\/p>\n","protected":false},"author":1,"featured_media":0,"parent":455,"menu_order":1,"comment_status":"closed","ping_status":"closed","template":"","meta":{"footnotes":""},"class_list":["post-93","page","type-page","status-publish","hentry"],"_links":{"self":[{"href":"https:\/\/www.ninkenkai.ch\/index.php?rest_route=\/wp\/v2\/pages\/93","targetHints":{"allow":["GET"]}}],"collection":[{"href":"https:\/\/www.ninkenkai.ch\/index.php?rest_route=\/wp\/v2\/pages"}],"about":[{"href":"https:\/\/www.ninkenkai.ch\/index.php?rest_route=\/wp\/v2\/types\/page"}],"author":[{"embeddable":true,"href":"https:\/\/www.ninkenkai.ch\/index.php?rest_route=\/wp\/v2\/users\/1"}],"replies":[{"embeddable":true,"href":"https:\/\/www.ninkenkai.ch\/index.php?rest_route=%2Fwp%2Fv2%2Fcomments&post=93"}],"version-history":[{"count":24,"href":"https:\/\/www.ninkenkai.ch\/index.php?rest_route=\/wp\/v2\/pages\/93\/revisions"}],"predecessor-version":[{"id":1482,"href":"https:\/\/www.ninkenkai.ch\/index.php?rest_route=\/wp\/v2\/pages\/93\/revisions\/1482"}],"up":[{"embeddable":true,"href":"https:\/\/www.ninkenkai.ch\/index.php?rest_route=\/wp\/v2\/pages\/455"}],"wp:attachment":[{"href":"https:\/\/www.ninkenkai.ch\/index.php?rest_route=%2Fwp%2Fv2%2Fmedia&parent=93"}],"curies":[{"name":"wp","href":"https:\/\/api.w.org\/{rel}","templated":true}]}}